{"id":11700,"date":"2020-04-06T10:54:23","date_gmt":"2020-04-06T08:54:23","guid":{"rendered":"https:\/\/www.powertec.fr\/?page_id=11700"},"modified":"2025-08-12T15:49:29","modified_gmt":"2025-08-12T13:49:29","slug":"limitless-ecoadventure-trip","status":"publish","type":"page","link":"https:\/\/www.powertec.fr\/en\/limitless-ecoadventure-trip\/","title":{"rendered":"L\u00e9andre Deryckere Across Africa"},"content":{"rendered":"<p>[et_pb_section fb_built=&#8221;1&#8243; admin_label=&#8221;section&#8221; _builder_version=&#8221;4.16&#8243; global_colors_info=&#8221;{}&#8221;][et_pb_row admin_label=&#8221;row&#8221; _builder_version=&#8221;4.16&#8243; background_size=&#8221;initial&#8221; background_position=&#8221;top_left&#8221; background_repeat=&#8221;repeat&#8221; global_colors_info=&#8221;{}&#8221;][et_pb_column type=&#8221;4_4&#8243; _builder_version=&#8221;4.16&#8243; custom_padding=&#8221;|||&#8221; global_colors_info=&#8221;{}&#8221; custom_padding__hover=&#8221;|||&#8221;][et_pb_text admin_label=&#8221;Text&#8221; _builder_version=&#8221;4.16&#8243; background_size=&#8221;initial&#8221; background_position=&#8221;top_left&#8221; background_repeat=&#8221;repeat&#8221; global_colors_info=&#8221;{}&#8221;]<\/p>\n<p>L\u00c9ANDRE DERYCKERE<\/p>\n<p>ACROSS AFRICA<\/p>\n<p>LE PROJET D&#8217;EXPEDITION<\/p>\n<h3><strong>Powertec : Une marque \u00c9co-Responsable pour un voyage \u00c9co-Responsable<\/strong><\/h3>\n<p>Le voyage \u00e9co-responsable n&#8217;est pas seulement une tendance, c&#8217;est une n\u00e9cessit\u00e9 dans notre monde en constante \u00e9volution. Chez <strong>Powertec<\/strong>, nous nous engageons \u00e0 soutenir cette cause en fournissant des solutions d&#8217;\u00e9nergie renouvelable pour les voyageurs aventureux.<\/p>\n<h4><strong>La Technologie Solaire en D\u00e9placement<\/strong><\/h4>\n<p>L\u00e9andre n&#8217;est pas seulement un voyageur ; il est un pionnier de <a href=\"https:\/\/www.powertec.fr\/notre-demarche-rse\/\"><strong>l&#8217;\u00e9co-responsabilit\u00e9<\/strong><\/a>. Gr\u00e2ce \u00e0 nos panneaux solaires Powertec Design et au chargeur portable, il maintient son \u00e9quipement charg\u00e9, m\u00eame dans les r\u00e9gions les plus recul\u00e9es. Cette <a href=\"https:\/\/www.powertec.fr\/categorie-produit\/chargeur-solaire-portable\/\"><strong>autonomie en \u00e9nergie<\/strong> <\/a>n&#8217;est pas uniquement pratique, elle repr\u00e9sente notre d\u00e9vouement \u00e0 une plan\u00e8te plus propre et plus verte.<\/p>\n<h4><strong>Nos Engagements \u00c9co-Responsables<\/strong><\/h4>\n<p>Chez Powertec, nous croyons fermement que chaque petit geste compte. Notre ligne de produits est con\u00e7ue pour vous aider dans vos voyages tout en r\u00e9duisant l&#8217;empreinte carbone.<\/p>\n<ul>\n<li><strong>Produits durables :<\/strong>\u00a0Nos produits sont con\u00e7us pour durer, r\u00e9duisant ainsi les d\u00e9chets.<\/li>\n<li><strong>\u00c9nergie propre :<\/strong>\u00a0Nous favorisons l&#8217;utilisation de l&#8217;\u00e9nergie solaire, r\u00e9duisant la d\u00e9pendance aux combustibles fossiles.<\/li>\n<li><strong>Partenariats responsables <\/strong>: Nous collaborons avec des aventuriers comme L\u00e9andre, qui partagent notre passion pour un monde meilleur.<\/li>\n<\/ul>\n<h4><strong>Autonomie \u00c9nerg\u00e9tique pour les Aventures \u00c9co-Responsables<\/strong><\/h4>\n<p>L&#8217;aventurier L\u00e9andre Deryckere incarne la passion du voyage durable et de l&#8217;\u00e9co-responsabilit\u00e9. Traversant l&#8217;Afrique du Nord au Sud sur un <strong>v\u00e9lo en bambou<\/strong>, \u00e0 la recherche des meilleurs vagues d&#8217;Afrique. Il compte sur nos panneaux solaires Powertec Design et notre chargeur portable pour rester connect\u00e9 et s\u00e9curis\u00e9. Ces produits fiables et respectueux de l&#8217;environnement lui permettent d&#8217;acc\u00e9der aux terrains les plus exigeants, tout en \u00e9tant en harmonie avec la nature.<\/p>\n<p style=\"text-align: center;\">Gopro 11 black<\/p>\n<p style=\"text-align: center;\">Le filtre UV est un Katadyn<\/p>\n<p style=\"text-align: center;\">Samsung s20<\/p>\n<p style=\"text-align: center;\">Garmin GPS explorer<\/p>\n<p style=\"text-align: center;\">La lampe frontale est la Petzl Nao<\/p>\n<p>LES SOLUTIONS DE CHARGE<\/p>\n<p>PT FLAP 16 Dual Output&#8221; link=&#8221;https:\/\/www.powertec.fr\/chargeur-solaire-portable\/semi-rigide-sunpower\/panneau-solaire-portable-pt-flap-16-dual-output<\/p>\n<p>SUIVRE L&#8217;ECO AVENTURE<\/p>\n<blockquote class=\"instagram-media\" style=\"background: #FFF; border: 0; border-radius: 3px; box-shadow: 0 0 1px 0 rgba(0,0,0,0.5),0 1px 10px 0 rgba(0,0,0,0.15); margin: 1px; max-width: 540px; min-width: 326px; padding: 0; width: calc(100% - 2px);\" data-instgrm-captioned=\"\" data-instgrm-permalink=\"https:\/\/www.instagram.com\/reel\/CsQ31iNgt3p\/?utm_source=ig_embed&amp;utm_campaign=loading\" data-instgrm-version=\"14\">\n<div style=\"padding: 16px;\">\n<p>&nbsp;<\/p>\n<div style=\"display: flex; flex-direction: row; align-items: center;\">\n<div style=\"background-color: #f4f4f4; border-radius: 50%; flex-grow: 0; height: 40px; margin-right: 14px; width: 40px;\"><\/div>\n<div style=\"display: flex; flex-direction: column; flex-grow: 1; justify-content: center;\">\n<div style=\"background-color: #f4f4f4; border-radius: 4px; flex-grow: 0; height: 14px; margin-bottom: 6px; width: 100px;\"><\/div>\n<div style=\"background-color: #f4f4f4; border-radius: 4px; flex-grow: 0; height: 14px; width: 60px;\"><\/div>\n<\/div>\n<\/div>\n<div style=\"padding: 19% 0;\"><\/div>\n<div style=\"display: block; height: 50px; margin: 0 auto 12px; width: 50px;\"><\/div>\n<div style=\"padding-top: 8px;\">\n<div style=\"color: #3897f0; font-family: Arial,sans-serif; font-size: 14px; font-style: normal; font-weight: 550; line-height: 18px;\">Voir cette publication sur Instagram<\/div>\n<\/div>\n<div style=\"padding: 12.5% 0;\"><\/div>\n<div style=\"display: flex; flex-direction: row; margin-bottom: 14px; align-items: center;\">\n<div>\n<div style=\"background-color: #f4f4f4; border-radius: 50%; height: 12.5px; width: 12.5px; transform: translateX(0px) translateY(7px);\"><\/div>\n<div style=\"background-color: #f4f4f4; height: 12.5px; transform: rotate(-45deg) translateX(3px) translateY(1px); width: 12.5px; flex-grow: 0; margin-right: 14px; margin-left: 2px;\"><\/div>\n<div style=\"background-color: #f4f4f4; border-radius: 50%; height: 12.5px; width: 12.5px; transform: translateX(9px) translateY(-18px);\"><\/div>\n<\/div>\n<div style=\"margin-left: 8px;\">\n<div style=\"background-color: #f4f4f4; border-radius: 50%; flex-grow: 0; height: 20px; width: 20px;\"><\/div>\n<div style=\"width: 0; height: 0; border-top: 2px solid transparent; border-left: 6px solid #f4f4f4; border-bottom: 2px solid transparent; transform: translateX(16px) translateY(-4px) rotate(30deg);\"><\/div>\n<\/div>\n<div style=\"margin-left: auto;\">\n<div style=\"width: 0px; border-top: 8px solid #F4F4F4; border-right: 8px solid transparent; transform: translateY(16px);\"><\/div>\n<div style=\"background-color: #f4f4f4; flex-grow: 0; height: 12px; width: 16px; transform: translateY(-4px);\"><\/div>\n<div style=\"width: 0; height: 0; border-top: 8px solid #F4F4F4; border-left: 8px solid transparent; transform: translateY(-4px) translateX(8px);\"><\/div>\n<\/div>\n<\/div>\n<div style=\"display: flex; flex-direction: column; flex-grow: 1; justify-content: center; margin-bottom: 24px;\">\n<div style=\"background-color: #f4f4f4; border-radius: 4px; flex-grow: 0; height: 14px; margin-bottom: 6px; width: 224px;\"><\/div>\n<div style=\"background-color: #f4f4f4; border-radius: 4px; flex-grow: 0; height: 14px; width: 144px;\"><\/div>\n<\/div>\n<p>&nbsp;<\/p>\n<p style=\"color: #c9c8cd; font-family: Arial,sans-serif; font-size: 14px; line-height: 17px; margin-bottom: 0; margin-top: 8px; overflow: hidden; padding: 8px 0 7px; text-align: center; text-overflow: ellipsis; white-space: nowrap;\"><a style=\"color: #c9c8cd; font-family: Arial,sans-serif; font-size: 14px; font-style: normal; font-weight: normal; line-height: 17px; text-decoration: none;\" href=\"https:\/\/www.instagram.com\/reel\/CsQ31iNgt3p\/?utm_source=ig_embed&amp;utm_campaign=loading\" target=\"_blank\" rel=\"noopener\">Une publication partag\u00e9e par Leandre_Deryckere (@leandre_deryckere)<\/a><\/p>\n<\/div>\n<\/blockquote>\n<p>\n<script async=\"\" src=\"\/\/www.instagram.com\/embed.js\"><\/script>\n<\/p>\n<p>LE T\u00c9MOIGNAGE<\/p>\n<p style=\"text-align: center;\">&#8220;Indispensable pour accomplir cette exp\u00e9dition, l&#8217;\u00e9nergie procur\u00e9 par le mat\u00e9riel Powertec Design me permet de faire suivre au public en documentant mon trajet \u00e0 travers photos et vid\u00e9o sur le d\u00e9fi sportif et les rencontres. Merci \u00e0 Powertec de me soutenir \u2764\ufe0f \ud83d\ude4f!&#8221;<\/p>\n<p>PARTENAIRES DE L&#8217;ECO AVENTURE<\/p>\n<p>eco aventure en velo<\/p>\n<p>[\/et_pb_text][\/et_pb_column][\/et_pb_row][\/et_pb_section]<\/p>\n","protected":false},"excerpt":{"rendered":"<p>L\u00c9ANDRE DERYCKERE ACROSS AFRICA LE PROJET D&#8217;EXPEDITION Powertec : Une marque \u00c9co-Responsable pour un voyage \u00c9co-Responsable Le voyage \u00e9co-responsable n&#8217;est pas seulement une tendance, c&#8217;est une n\u00e9cessit\u00e9 dans notre monde en constante \u00e9volution. Chez Powertec, nous nous engageons \u00e0 soutenir cette cause en fournissant des solutions d&#8217;\u00e9nergie renouvelable pour les voyageurs aventureux. La Technologie Solaire [&hellip;]<\/p>\n","protected":false},"author":1550,"featured_media":21146,"parent":0,"menu_order":0,"comment_status":"closed","ping_status":"closed","template":"","meta":{"_et_pb_use_builder":"on","_et_pb_old_content":"","_et_gb_content_width":"","footnotes":""},"class_list":["post-11700","page","type-page","status-publish","has-post-thumbnail","hentry"],"yoast_head":"<!-- This site is optimized with the Yoast SEO plugin v27.4 - https:\/\/yoast.com\/product\/yoast-seo-wordpress\/ -->\n<title>Eco-Friendly Travel with Powertec<\/title>\n<meta name=\"description\" content=\"Explore Powertec&#039;s eco-friendly energy solutions, designed for travellers and adventurers.\" \/>\n<meta name=\"robots\" content=\"index, follow, max-snippet:-1, max-image-preview:large, max-video-preview:-1\" \/>\n<link rel=\"canonical\" href=\"https:\/\/www.powertec.fr\/en\/limitless-ecoadventure-trip\/\" \/>\n<meta property=\"og:locale\" content=\"en_US\" \/>\n<meta property=\"og:type\" content=\"article\" \/>\n<meta property=\"og:title\" content=\"Eco-Friendly Travel with Powertec\" \/>\n<meta property=\"og:description\" content=\"Explore Powertec&#039;s eco-friendly energy solutions, designed for travellers and adventurers.\" \/>\n<meta property=\"og:url\" content=\"https:\/\/www.powertec.fr\/en\/limitless-ecoadventure-trip\/\" \/>\n<meta property=\"og:site_name\" content=\"Powertec : chargeurs solaires professionnels\" \/>\n<meta property=\"article:publisher\" content=\"https:\/\/www.facebook.com\/pages\/Powertec-Design\/136636319834629\" \/>\n<meta property=\"article:modified_time\" content=\"2025-08-12T13:49:29+00:00\" \/>\n<meta property=\"og:image\" content=\"https:\/\/www.powertec.fr\/wp-content\/uploads\/2023\/08\/WhatsApp-Image-2023-08-07-at-16.59.55-2.jpeg\" \/>\n\t<meta property=\"og:image:width\" content=\"1247\" \/>\n\t<meta property=\"og:image:height\" content=\"1210\" \/>\n\t<meta property=\"og:image:type\" content=\"image\/jpeg\" \/>\n<meta name=\"twitter:card\" content=\"summary_large_image\" \/>\n<meta name=\"twitter:site\" content=\"@PowertecDesign\" \/>\n<meta name=\"twitter:label1\" content=\"Est. reading time\" \/>\n\t<meta name=\"twitter:data1\" content=\"3 minutes\" \/>\n<script type=\"application\/ld+json\" class=\"yoast-schema-graph\">{\"@context\":\"https:\\\/\\\/schema.org\",\"@graph\":[{\"@type\":\"WebPage\",\"@id\":\"https:\\\/\\\/www.powertec.fr\\\/en\\\/limitless-ecoadventure-trip\\\/\",\"url\":\"https:\\\/\\\/www.powertec.fr\\\/en\\\/limitless-ecoadventure-trip\\\/\",\"name\":\"Eco-Friendly Travel with Powertec\",\"isPartOf\":{\"@id\":\"https:\\\/\\\/www.powertec.fr\\\/en\\\/#website\"},\"primaryImageOfPage\":{\"@id\":\"https:\\\/\\\/www.powertec.fr\\\/en\\\/limitless-ecoadventure-trip\\\/#primaryimage\"},\"image\":{\"@id\":\"https:\\\/\\\/www.powertec.fr\\\/en\\\/limitless-ecoadventure-trip\\\/#primaryimage\"},\"thumbnailUrl\":\"https:\\\/\\\/www.powertec.fr\\\/wp-content\\\/uploads\\\/2023\\\/08\\\/WhatsApp-Image-2023-08-07-at-16.59.55-2.jpeg\",\"datePublished\":\"2020-04-06T08:54:23+00:00\",\"dateModified\":\"2025-08-12T13:49:29+00:00\",\"description\":\"Explore Powertec's eco-friendly energy solutions, designed for travellers and adventurers.\",\"breadcrumb\":{\"@id\":\"https:\\\/\\\/www.powertec.fr\\\/en\\\/limitless-ecoadventure-trip\\\/#breadcrumb\"},\"inLanguage\":\"en-US\",\"potentialAction\":[{\"@type\":\"ReadAction\",\"target\":[\"https:\\\/\\\/www.powertec.fr\\\/en\\\/limitless-ecoadventure-trip\\\/\"]}]},{\"@type\":\"ImageObject\",\"inLanguage\":\"en-US\",\"@id\":\"https:\\\/\\\/www.powertec.fr\\\/en\\\/limitless-ecoadventure-trip\\\/#primaryimage\",\"url\":\"https:\\\/\\\/www.powertec.fr\\\/wp-content\\\/uploads\\\/2023\\\/08\\\/WhatsApp-Image-2023-08-07-at-16.59.55-2.jpeg\",\"contentUrl\":\"https:\\\/\\\/www.powertec.fr\\\/wp-content\\\/uploads\\\/2023\\\/08\\\/WhatsApp-Image-2023-08-07-at-16.59.55-2.jpeg\",\"width\":1247,\"height\":1210,\"caption\":\"L\u00e9andre traverse du monde, un voyage \u00e0 v\u00e9lo \u00e9co-responsable\"},{\"@type\":\"BreadcrumbList\",\"@id\":\"https:\\\/\\\/www.powertec.fr\\\/en\\\/limitless-ecoadventure-trip\\\/#breadcrumb\",\"itemListElement\":[{\"@type\":\"ListItem\",\"position\":1,\"name\":\"Accueil\",\"item\":\"https:\\\/\\\/www.powertec.fr\\\/en\\\/\"},{\"@type\":\"ListItem\",\"position\":2,\"name\":\"L\u00e9andre Deryckere Across Africa\"}]},{\"@type\":\"WebSite\",\"@id\":\"https:\\\/\\\/www.powertec.fr\\\/en\\\/#website\",\"url\":\"https:\\\/\\\/www.powertec.fr\\\/en\\\/\",\"name\":\"Powertec : chargeurs solaires professionnels\",\"description\":\"Professional Solar chargers, Powerbanks, outdoor Gear\",\"publisher\":{\"@id\":\"https:\\\/\\\/www.powertec.fr\\\/en\\\/#organization\"},\"potentialAction\":[{\"@type\":\"SearchAction\",\"target\":{\"@type\":\"EntryPoint\",\"urlTemplate\":\"https:\\\/\\\/www.powertec.fr\\\/en\\\/?s={search_term_string}\"},\"query-input\":{\"@type\":\"PropertyValueSpecification\",\"valueRequired\":true,\"valueName\":\"search_term_string\"}}],\"inLanguage\":\"en-US\"},{\"@type\":\"Organization\",\"@id\":\"https:\\\/\\\/www.powertec.fr\\\/en\\\/#organization\",\"name\":\"Powertec chargeur solaire\",\"url\":\"https:\\\/\\\/www.powertec.fr\\\/en\\\/\",\"logo\":{\"@type\":\"ImageObject\",\"inLanguage\":\"en-US\",\"@id\":\"https:\\\/\\\/www.powertec.fr\\\/en\\\/#\\\/schema\\\/logo\\\/image\\\/\",\"url\":\"https:\\\/\\\/www.powertec.fr\\\/wp-content\\\/uploads\\\/2025\\\/03\\\/Logo-Powertec.png\",\"contentUrl\":\"https:\\\/\\\/www.powertec.fr\\\/wp-content\\\/uploads\\\/2025\\\/03\\\/Logo-Powertec.png\",\"width\":800,\"height\":231,\"caption\":\"Powertec chargeur solaire\"},\"image\":{\"@id\":\"https:\\\/\\\/www.powertec.fr\\\/en\\\/#\\\/schema\\\/logo\\\/image\\\/\"},\"sameAs\":[\"https:\\\/\\\/www.facebook.com\\\/pages\\\/Powertec-Design\\\/136636319834629\",\"https:\\\/\\\/x.com\\\/PowertecDesign\",\"https:\\\/\\\/www.instagram.com\\\/powertecdesign\\\/\",\"http:\\\/\\\/pinterest.com\\\/PowertecDesign\\\/boards\\\/\",\"https:\\\/\\\/www.youtube.com\\\/channel\\\/UCKPPbn8yFCbV4QukJxSXU8g\\\/feed?filter=2\"]}]}<\/script>\n<!-- \/ Yoast SEO plugin. -->","yoast_head_json":{"title":"Eco-Friendly Travel with Powertec","description":"Explore Powertec's eco-friendly energy solutions, designed for travellers and adventurers.","robots":{"index":"index","follow":"follow","max-snippet":"max-snippet:-1","max-image-preview":"max-image-preview:large","max-video-preview":"max-video-preview:-1"},"canonical":"https:\/\/www.powertec.fr\/en\/limitless-ecoadventure-trip\/","og_locale":"en_US","og_type":"article","og_title":"Eco-Friendly Travel with Powertec","og_description":"Explore Powertec's eco-friendly energy solutions, designed for travellers and adventurers.","og_url":"https:\/\/www.powertec.fr\/en\/limitless-ecoadventure-trip\/","og_site_name":"Powertec : chargeurs solaires professionnels","article_publisher":"https:\/\/www.facebook.com\/pages\/Powertec-Design\/136636319834629","article_modified_time":"2025-08-12T13:49:29+00:00","og_image":[{"width":1247,"height":1210,"url":"https:\/\/www.powertec.fr\/wp-content\/uploads\/2023\/08\/WhatsApp-Image-2023-08-07-at-16.59.55-2.jpeg","type":"image\/jpeg"}],"twitter_card":"summary_large_image","twitter_site":"@PowertecDesign","twitter_misc":{"Est. reading time":"3 minutes"},"schema":{"@context":"https:\/\/schema.org","@graph":[{"@type":"WebPage","@id":"https:\/\/www.powertec.fr\/en\/limitless-ecoadventure-trip\/","url":"https:\/\/www.powertec.fr\/en\/limitless-ecoadventure-trip\/","name":"Eco-Friendly Travel with Powertec","isPartOf":{"@id":"https:\/\/www.powertec.fr\/en\/#website"},"primaryImageOfPage":{"@id":"https:\/\/www.powertec.fr\/en\/limitless-ecoadventure-trip\/#primaryimage"},"image":{"@id":"https:\/\/www.powertec.fr\/en\/limitless-ecoadventure-trip\/#primaryimage"},"thumbnailUrl":"https:\/\/www.powertec.fr\/wp-content\/uploads\/2023\/08\/WhatsApp-Image-2023-08-07-at-16.59.55-2.jpeg","datePublished":"2020-04-06T08:54:23+00:00","dateModified":"2025-08-12T13:49:29+00:00","description":"Explore Powertec's eco-friendly energy solutions, designed for travellers and adventurers.","breadcrumb":{"@id":"https:\/\/www.powertec.fr\/en\/limitless-ecoadventure-trip\/#breadcrumb"},"inLanguage":"en-US","potentialAction":[{"@type":"ReadAction","target":["https:\/\/www.powertec.fr\/en\/limitless-ecoadventure-trip\/"]}]},{"@type":"ImageObject","inLanguage":"en-US","@id":"https:\/\/www.powertec.fr\/en\/limitless-ecoadventure-trip\/#primaryimage","url":"https:\/\/www.powertec.fr\/wp-content\/uploads\/2023\/08\/WhatsApp-Image-2023-08-07-at-16.59.55-2.jpeg","contentUrl":"https:\/\/www.powertec.fr\/wp-content\/uploads\/2023\/08\/WhatsApp-Image-2023-08-07-at-16.59.55-2.jpeg","width":1247,"height":1210,"caption":"L\u00e9andre traverse du monde, un voyage \u00e0 v\u00e9lo \u00e9co-responsable"},{"@type":"BreadcrumbList","@id":"https:\/\/www.powertec.fr\/en\/limitless-ecoadventure-trip\/#breadcrumb","itemListElement":[{"@type":"ListItem","position":1,"name":"Accueil","item":"https:\/\/www.powertec.fr\/en\/"},{"@type":"ListItem","position":2,"name":"L\u00e9andre Deryckere Across Africa"}]},{"@type":"WebSite","@id":"https:\/\/www.powertec.fr\/en\/#website","url":"https:\/\/www.powertec.fr\/en\/","name":"Powertec : chargeurs solaires professionnels","description":"Professional Solar chargers, Powerbanks, outdoor Gear","publisher":{"@id":"https:\/\/www.powertec.fr\/en\/#organization"},"potentialAction":[{"@type":"SearchAction","target":{"@type":"EntryPoint","urlTemplate":"https:\/\/www.powertec.fr\/en\/?s={search_term_string}"},"query-input":{"@type":"PropertyValueSpecification","valueRequired":true,"valueName":"search_term_string"}}],"inLanguage":"en-US"},{"@type":"Organization","@id":"https:\/\/www.powertec.fr\/en\/#organization","name":"Powertec chargeur solaire","url":"https:\/\/www.powertec.fr\/en\/","logo":{"@type":"ImageObject","inLanguage":"en-US","@id":"https:\/\/www.powertec.fr\/en\/#\/schema\/logo\/image\/","url":"https:\/\/www.powertec.fr\/wp-content\/uploads\/2025\/03\/Logo-Powertec.png","contentUrl":"https:\/\/www.powertec.fr\/wp-content\/uploads\/2025\/03\/Logo-Powertec.png","width":800,"height":231,"caption":"Powertec chargeur solaire"},"image":{"@id":"https:\/\/www.powertec.fr\/en\/#\/schema\/logo\/image\/"},"sameAs":["https:\/\/www.facebook.com\/pages\/Powertec-Design\/136636319834629","https:\/\/x.com\/PowertecDesign","https:\/\/www.instagram.com\/powertecdesign\/","http:\/\/pinterest.com\/PowertecDesign\/boards\/","https:\/\/www.youtube.com\/channel\/UCKPPbn8yFCbV4QukJxSXU8g\/feed?filter=2"]}]}},"_links":{"self":[{"href":"https:\/\/www.powertec.fr\/en\/wp-json\/wp\/v2\/pages\/11700","targetHints":{"allow":["GET"]}}],"collection":[{"href":"https:\/\/www.powertec.fr\/en\/wp-json\/wp\/v2\/pages"}],"about":[{"href":"https:\/\/www.powertec.fr\/en\/wp-json\/wp\/v2\/types\/page"}],"author":[{"embeddable":true,"href":"https:\/\/www.powertec.fr\/en\/wp-json\/wp\/v2\/users\/1550"}],"replies":[{"embeddable":true,"href":"https:\/\/www.powertec.fr\/en\/wp-json\/wp\/v2\/comments?post=11700"}],"version-history":[{"count":4,"href":"https:\/\/www.powertec.fr\/en\/wp-json\/wp\/v2\/pages\/11700\/revisions"}],"predecessor-version":[{"id":26736,"href":"https:\/\/www.powertec.fr\/en\/wp-json\/wp\/v2\/pages\/11700\/revisions\/26736"}],"wp:featuredmedia":[{"embeddable":true,"href":"https:\/\/www.powertec.fr\/en\/wp-json\/wp\/v2\/media\/21146"}],"wp:attachment":[{"href":"https:\/\/www.powertec.fr\/en\/wp-json\/wp\/v2\/media?parent=11700"}],"curies":[{"name":"wp","href":"https:\/\/api.w.org\/{rel}","templated":true}]}}