{"id":20908,"date":"2022-10-03T15:07:39","date_gmt":"2022-10-03T13:07:39","guid":{"rendered":"https:\/\/www.powertec.fr\/?page_id=20908"},"modified":"2023-07-06T11:37:31","modified_gmt":"2023-07-06T09:37:31","slug":"how-to-choose-your-solar-generator","status":"publish","type":"page","link":"https:\/\/www.powertec.fr\/en\/how-to-choose-your-solar-generator\/","title":{"rendered":"How to choose your solar generator?"},"content":{"rendered":"<p>[vc_row fullwidth=&#8221;yes&#8221; full_height=&#8221;yes&#8221; background_position=&#8221;center center&#8221; css=&#8221;.vc_custom_1664796816146{margin-top: 0px !important;padding-top: 0px !important;background: #2476bf url(https:\/\/www.powertec.fr\/wp-content\/uploads\/2022\/09\/power2_1920x.webp?id=17914) !important;background-position: 0 0 !important;background-repeat: no-repeat !important;border-radius: 10px !important;}&#8221;][vc_column css=&#8221;.vc_custom_1571376388849{margin-top: 0px !important;}&#8221;][vc_custom_heading text=&#8221;Discover the Powertec portable solar generator&#8221; font_container=&#8221;tag:h1|font_size:40px|text_align:center|color:%231e1e1e&#8221; google_fonts=&#8221;font_family:Alegreya%20Sans%3A100%2C100italic%2C300%2C300italic%2Cregular%2Citalic%2C500%2C500italic%2C700%2C700italic%2C800%2C800italic%2C900%2C900italic|font_style:700%20bold%20regular%3A700%3Anormal&#8221;][vc_column_text]<\/p>\n<p class=\"sub-title db\" style=\"text-align: center;\"><span style=\"color: #ffffff;\"><strong><em>Solar power for all your appliances&#8230; to the ends of the earth<\/em><\/strong><\/span><\/p>\n<p>[\/vc_column_text][vc_empty_space height=&#8221;250px&#8221;][vc_column_text css=&#8221;.vc_custom_1664796416559{background-color: rgba(255,255,255,0.51) !important;*background-color: rgb(255,255,255) !important;}&#8221;][\/vc_column_text][\/vc_column][\/vc_row][vc_row][vc_column][vc_column_text]<\/p>\n<h1>Portable solar generator range, from 600W to 12,288W<\/h1>\n<p>[\/vc_column_text][vc_empty_space height=&#8221;40px&#8221;][jas_products hover-style=&#8221;1&#8243; display=&#8221;cat&#8221; cat_id=&#8221;381&#8243; limit=&#8221;20&#8243; columns=&#8221;3&#8243; issc=&#8221;1&#8243;][vc_empty_space height=&#8221;40px&#8221;][\/vc_column][vc_column][\/vc_column][vc_column][\/vc_column][\/vc_row][vc_row][vc_column][vc_empty_space][\/vc_column][\/vc_row][vc_row css=&#8221;.vc_custom_1506059947179{margin-bottom: 25px !important;padding-top: 0px !important;background-color: #f2f2f2 !important;}&#8221;][vc_column][vc_row_inner equal_height=&#8221;yes&#8221; content_placement=&#8221;middle&#8221; css=&#8221;.vc_custom_1617025863976{padding-right: 10px !important;padding-left: 10px !important;}&#8221;][vc_column_inner width=&#8221;1\/4&#8243;][vc_column_text]<\/p>\n<p style=\"text-align: center;\"><i class=\"fa fa-bolt\" aria-hidden=\"true\"><\/i>SOLAR GENERATOR<br \/>\nVERY HIGH PERFORMANCE<\/p>\n<p>[\/vc_column_text][\/vc_column_inner][vc_column_inner width=&#8221;1\/4&#8243;][vc_column_text]<\/p>\n<p style=\"text-align: center;\"><i class=\"fa fa-plus\" aria-hidden=\"true\"><\/i>ROBUST, 2-YEAR WARRANTY<br \/>\nLiFePo4 TECHNOLOGY<\/p>\n<p>[\/vc_column_text][\/vc_column_inner][vc_column_inner width=&#8221;1\/4&#8243;][vc_column_text]<\/p>\n<p style=\"text-align: center;\"><i class=\"fa fa-gift\" aria-hidden=\"true\"><\/i>FREE DELIVERY<\/p>\n<p>[\/vc_column_text][\/vc_column_inner][vc_column_inner width=&#8221;1\/4&#8243;][vc_column_text]<\/p>\n<p style=\"text-align: center;\">PAYMENT<br \/>\nSECURE<\/p>\n<p>[\/vc_column_text][\/vc_column_inner][\/vc_row_inner][\/vc_column][\/vc_row][vc_row fullwidth=&#8221;yes&#8221; content_placement=&#8221;middle&#8221; background_position=&#8221;center bottom&#8221; css=&#8221;.vc_custom_1664797227477{padding-top: 0px !important;background: #95abbf url(https:\/\/www.powertec.fr\/wp-content\/uploads\/2022\/09\/KIT120-EBA3.png?id=17925) !important;background-position: 0 0 !important;background-repeat: no-repeat !important;}&#8221; el_class=&#8221;oversc&#8221;][vc_column css=&#8221;.vc_custom_1496735342151{padding-top: 0px !important;}&#8221;][vc_row_inner css=&#8221;.vc_custom_1496736841525{margin-top: 0px !important;padding-top: 0px !important;background-color: rgba(0,0,0,0.3) !important;background-position: center !important;background-repeat: no-repeat !important;background-size: cover !important;*background-color: rgb(0,0,0) !important;}&#8221;][vc_column_inner][vc_empty_space height=&#8221;160px&#8221;][vc_btn title=&#8221;OUR HIGH-POWER SOLAR CHARGERS&#8221; shape=&#8221;square&#8221; color=&#8221;sky&#8221; size=&#8221;lg&#8221; align=&#8221;left&#8221; link=&#8221;url:https%3A%2F%2Fwww.powertec.fr%2Fcategorie-produit%2Fgenerateur-solaire%2Fchargeur-generateur-solaire%2F|title:CHARGEUR%20SOLAIRE%20portable|target:_blank|rel:nofollow&#8221;][vc_empty_space height=&#8221;160px&#8221;][\/vc_column_inner][\/vc_row_inner][\/vc_column][\/vc_row][vc_row][vc_column][vc_empty_space height=&#8221;30px&#8221;][vc_custom_heading text=&#8221;Powertec portable solar generator&#8221; font_container=&#8221;tag:h2|text_align:center|color:%23c7cf0e&#8221; google_fonts=&#8221;font_family:Alegreya%20Sans%3A100%2C100italic%2C300%2C300italic%2Cregular%2Citalic%2C500%2C500italic%2C700%2C700italic%2C800%2C800italic%2C900%2C900italic|font_style:100%20light%20regular%3A100%3Anormal&#8221;][vc_column_text]<\/p>\n<h2>A high-quality solar generator<\/h2>\n<p>Our range of portable solar generators is aimed at travelers and other adventure enthusiasts, outdoor enthusiasts and professionals alike. Our solar power units are designed to adapt to all travel conditions, even the most extreme.<\/p>\n<p>Unlike other brands of portable solar power stations, the photovoltaic cells remain unbreakable, and the batteries are made of LiFePo4 cells whose main characteristic is that they can be charged 2500 to 3000 times (vs. 500 times for LiPo batteries)<\/p>\n<p>All this is in keeping with the Powertec philosophy, which for almost 15 years has been offering you quality materials that fight against programmed obsolescence &#8230;Nous avons s\u00e9lectionn\u00e9 pour vous les derni\u00e8res technologies de<strong> chargeur solaire <\/strong>associ\u00e9es aux meilleures batteries pour tout charger en nomadisme<strong><br \/>\n<\/strong><\/p>\n<h2>Nomadic solar generator: charge everything in complete autonomy<\/h2>\n<p>Powertec&#8217;s 220V solar-powered portable generators have been designed with mobility in mind. Easy to transport, compact and lightweight (from 5 to 20 kg), they can easily be stowed away in the trunk of your car or in a small space in your VAN: weight and minimum bulk are our priorities.<\/p>\n<p>Once installed, you&#8217;ll benefit from a 220V socket capable of powering your electrical appliances with ease, depending on the model.<\/p>\n<h2>Household generator, to compensate for power cuts<\/h2>\n<p>The <a href=\"https:\/\/www.powertec.fr\/en\/portable-solar-panel\/electric-generator\/bluetti-uk\/\"><strong>Bluetti range<\/strong><\/a> is made up of 100% modular portable power solutions to suit all consumption needs. The AC300 + B300 series can accommodate from 1 to 4 batteries of 3000W each, creating a 12288Wh <a href=\"https:\/\/en.wikipedia.org\/wiki\/Battery_storage_power_station\"><strong>Backup Power Station<\/strong><\/a>.<\/p>\n<p>Equipped with a UPS (uninterrupted power supply) function, this power station can automatically compensate for power cuts.<br \/>\nThe perfect application for all electrical equipment such as computer servers or medical equipment.<\/p>\n<div id=\"gtx-trans\" style=\"position: absolute; left: 538px; top: 1234px;\">\n<div class=\"gtx-trans-icon\"><\/div>\n<\/div>\n<p>[\/vc_column_text][vc_btn title=&#8221;DISCOVER OUR SOLAR KITS&#8221; style=&#8221;flat&#8221; shape=&#8221;square&#8221; color=&#8221;primary&#8221; align=&#8221;center&#8221; link=&#8221;url:https%3A%2F%2Fwww.powertec.fr%2Fen%2Fproduct-category%2Fsolar-portable-powerstations%2Fportable-power-station%2F|title:KIT%20SOLAIRE%20350W&#8221;][vc_empty_space height=&#8221;30px&#8221;][\/vc_column][\/vc_row]<\/p>\n","protected":false},"excerpt":{"rendered":"<p>[vc_row fullwidth=&#8221;yes&#8221; full_height=&#8221;yes&#8221; background_position=&#8221;center center&#8221; css=&#8221;.vc_custom_1664796816146{margin-top: 0px !important;padding-top: 0px !important;background: #2476bf url(https:\/\/www.powertec.fr\/wp-content\/uploads\/2022\/09\/power2_1920x.webp?id=17914) !important;background-position: 0 0 !important;background-repeat: no-repeat !important;border-radius: 10px !important;}&#8221;][vc_column css=&#8221;.vc_custom_1571376388849{margin-top: 0px !important;}&#8221;][vc_custom_heading text=&#8221;Discover the Powertec portable solar generator&#8221; font_container=&#8221;tag:h1|font_size:40px|text_align:center|color:%231e1e1e&#8221; google_fonts=&#8221;font_family:Alegreya%20Sans%3A100%2C100italic%2C300%2C300italic%2Cregular%2Citalic%2C500%2C500italic%2C700%2C700italic%2C800%2C800italic%2C900%2C900italic|font_style:700%20bold%20regular%3A700%3Anormal&#8221;][vc_column_text] Solar power for all your appliances&#8230; to the ends of the earth [\/vc_column_text][vc_empty_space height=&#8221;250px&#8221;][vc_column_text css=&#8221;.vc_custom_1664796416559{background-color: rgba(255,255,255,0.51) !important;*background-color: rgb(255,255,255) !important;}&#8221;][\/vc_column_text][\/vc_column][\/vc_row][vc_row][vc_column][vc_column_text] Portable solar generator range, from [&hellip;]<\/p>\n","protected":false},"author":1,"featured_media":0,"parent":0,"menu_order":0,"comment_status":"closed","ping_status":"closed","template":"","meta":{"_et_pb_use_builder":"on","_et_pb_old_content":"","_et_gb_content_width":"","footnotes":""},"class_list":["post-20908","page","type-page","status-publish","hentry"],"yoast_head":"<!-- This site is optimized with the Yoast SEO plugin v27.4 - https:\/\/yoast.com\/product\/yoast-seo-wordpress\/ -->\n<title>How to choose your solar generator? - Powertec Solaire<\/title>\n<meta name=\"description\" content=\"Portable solar generator: what are the criteria for choosing the right one according to your needs? Discover our new 2023 wide range now!\" \/>\n<meta name=\"robots\" content=\"index, follow, max-snippet:-1, max-image-preview:large, max-video-preview:-1\" \/>\n<link rel=\"canonical\" href=\"https:\/\/www.powertec.fr\/en\/how-to-choose-your-solar-generator\/\" \/>\n<meta property=\"og:locale\" content=\"en_US\" \/>\n<meta property=\"og:type\" content=\"article\" \/>\n<meta property=\"og:title\" content=\"How to choose your solar generator? - Powertec Solaire\" \/>\n<meta property=\"og:description\" content=\"Portable solar generator: what are the criteria for choosing the right one according to your needs? Discover our new 2023 wide range now!\" \/>\n<meta property=\"og:url\" content=\"https:\/\/www.powertec.fr\/en\/how-to-choose-your-solar-generator\/\" \/>\n<meta property=\"og:site_name\" content=\"Powertec : chargeurs solaires professionnels\" \/>\n<meta property=\"article:publisher\" content=\"https:\/\/www.facebook.com\/pages\/Powertec-Design\/136636319834629\" \/>\n<meta property=\"article:modified_time\" content=\"2023-07-06T09:37:31+00:00\" \/>\n<meta property=\"og:image\" content=\"https:\/\/www.powertec.fr\/wp-content\/uploads\/2017\/05\/apropospowertech.jpg\" \/>\n\t<meta property=\"og:image:width\" content=\"1279\" \/>\n\t<meta property=\"og:image:height\" content=\"1278\" \/>\n\t<meta property=\"og:image:type\" content=\"image\/jpeg\" \/>\n<meta name=\"twitter:card\" content=\"summary_large_image\" \/>\n<meta name=\"twitter:site\" content=\"@PowertecDesign\" \/>\n<meta name=\"twitter:label1\" content=\"Est. reading time\" \/>\n\t<meta name=\"twitter:data1\" content=\"3 minutes\" \/>\n<script type=\"application\/ld+json\" class=\"yoast-schema-graph\">{\"@context\":\"https:\\\/\\\/schema.org\",\"@graph\":[{\"@type\":\"WebPage\",\"@id\":\"https:\\\/\\\/www.powertec.fr\\\/en\\\/how-to-choose-your-solar-generator\\\/\",\"url\":\"https:\\\/\\\/www.powertec.fr\\\/en\\\/how-to-choose-your-solar-generator\\\/\",\"name\":\"How to choose your solar generator? - Powertec Solaire\",\"isPartOf\":{\"@id\":\"https:\\\/\\\/www.powertec.fr\\\/en\\\/#website\"},\"datePublished\":\"2022-10-03T13:07:39+00:00\",\"dateModified\":\"2023-07-06T09:37:31+00:00\",\"description\":\"Portable solar generator: what are the criteria for choosing the right one according to your needs? Discover our new 2023 wide range now!\",\"breadcrumb\":{\"@id\":\"https:\\\/\\\/www.powertec.fr\\\/en\\\/how-to-choose-your-solar-generator\\\/#breadcrumb\"},\"inLanguage\":\"en-US\",\"potentialAction\":[{\"@type\":\"ReadAction\",\"target\":[\"https:\\\/\\\/www.powertec.fr\\\/en\\\/how-to-choose-your-solar-generator\\\/\"]}]},{\"@type\":\"BreadcrumbList\",\"@id\":\"https:\\\/\\\/www.powertec.fr\\\/en\\\/how-to-choose-your-solar-generator\\\/#breadcrumb\",\"itemListElement\":[{\"@type\":\"ListItem\",\"position\":1,\"name\":\"Accueil\",\"item\":\"https:\\\/\\\/www.powertec.fr\\\/en\\\/\"},{\"@type\":\"ListItem\",\"position\":2,\"name\":\"How to choose your solar generator?\"}]},{\"@type\":\"WebSite\",\"@id\":\"https:\\\/\\\/www.powertec.fr\\\/en\\\/#website\",\"url\":\"https:\\\/\\\/www.powertec.fr\\\/en\\\/\",\"name\":\"Powertec : chargeurs solaires professionnels\",\"description\":\"Professional Solar chargers, Powerbanks, outdoor Gear\",\"publisher\":{\"@id\":\"https:\\\/\\\/www.powertec.fr\\\/en\\\/#organization\"},\"potentialAction\":[{\"@type\":\"SearchAction\",\"target\":{\"@type\":\"EntryPoint\",\"urlTemplate\":\"https:\\\/\\\/www.powertec.fr\\\/en\\\/?s={search_term_string}\"},\"query-input\":{\"@type\":\"PropertyValueSpecification\",\"valueRequired\":true,\"valueName\":\"search_term_string\"}}],\"inLanguage\":\"en-US\"},{\"@type\":\"Organization\",\"@id\":\"https:\\\/\\\/www.powertec.fr\\\/en\\\/#organization\",\"name\":\"Powertec chargeur solaire\",\"url\":\"https:\\\/\\\/www.powertec.fr\\\/en\\\/\",\"logo\":{\"@type\":\"ImageObject\",\"inLanguage\":\"en-US\",\"@id\":\"https:\\\/\\\/www.powertec.fr\\\/en\\\/#\\\/schema\\\/logo\\\/image\\\/\",\"url\":\"https:\\\/\\\/www.powertec.fr\\\/wp-content\\\/uploads\\\/2025\\\/03\\\/Logo-Powertec.png\",\"contentUrl\":\"https:\\\/\\\/www.powertec.fr\\\/wp-content\\\/uploads\\\/2025\\\/03\\\/Logo-Powertec.png\",\"width\":800,\"height\":231,\"caption\":\"Powertec chargeur solaire\"},\"image\":{\"@id\":\"https:\\\/\\\/www.powertec.fr\\\/en\\\/#\\\/schema\\\/logo\\\/image\\\/\"},\"sameAs\":[\"https:\\\/\\\/www.facebook.com\\\/pages\\\/Powertec-Design\\\/136636319834629\",\"https:\\\/\\\/x.com\\\/PowertecDesign\",\"https:\\\/\\\/www.instagram.com\\\/powertecdesign\\\/\",\"http:\\\/\\\/pinterest.com\\\/PowertecDesign\\\/boards\\\/\",\"https:\\\/\\\/www.youtube.com\\\/channel\\\/UCKPPbn8yFCbV4QukJxSXU8g\\\/feed?filter=2\"]}]}<\/script>\n<!-- \/ Yoast SEO plugin. -->","yoast_head_json":{"title":"How to choose your solar generator? - Powertec Solaire","description":"Portable solar generator: what are the criteria for choosing the right one according to your needs? Discover our new 2023 wide range now!","robots":{"index":"index","follow":"follow","max-snippet":"max-snippet:-1","max-image-preview":"max-image-preview:large","max-video-preview":"max-video-preview:-1"},"canonical":"https:\/\/www.powertec.fr\/en\/how-to-choose-your-solar-generator\/","og_locale":"en_US","og_type":"article","og_title":"How to choose your solar generator? - Powertec Solaire","og_description":"Portable solar generator: what are the criteria for choosing the right one according to your needs? Discover our new 2023 wide range now!","og_url":"https:\/\/www.powertec.fr\/en\/how-to-choose-your-solar-generator\/","og_site_name":"Powertec : chargeurs solaires professionnels","article_publisher":"https:\/\/www.facebook.com\/pages\/Powertec-Design\/136636319834629","article_modified_time":"2023-07-06T09:37:31+00:00","og_image":[{"width":1279,"height":1278,"url":"https:\/\/www.powertec.fr\/wp-content\/uploads\/2017\/05\/apropospowertech.jpg","type":"image\/jpeg"}],"twitter_card":"summary_large_image","twitter_site":"@PowertecDesign","twitter_misc":{"Est. reading time":"3 minutes"},"schema":{"@context":"https:\/\/schema.org","@graph":[{"@type":"WebPage","@id":"https:\/\/www.powertec.fr\/en\/how-to-choose-your-solar-generator\/","url":"https:\/\/www.powertec.fr\/en\/how-to-choose-your-solar-generator\/","name":"How to choose your solar generator? - Powertec Solaire","isPartOf":{"@id":"https:\/\/www.powertec.fr\/en\/#website"},"datePublished":"2022-10-03T13:07:39+00:00","dateModified":"2023-07-06T09:37:31+00:00","description":"Portable solar generator: what are the criteria for choosing the right one according to your needs? Discover our new 2023 wide range now!","breadcrumb":{"@id":"https:\/\/www.powertec.fr\/en\/how-to-choose-your-solar-generator\/#breadcrumb"},"inLanguage":"en-US","potentialAction":[{"@type":"ReadAction","target":["https:\/\/www.powertec.fr\/en\/how-to-choose-your-solar-generator\/"]}]},{"@type":"BreadcrumbList","@id":"https:\/\/www.powertec.fr\/en\/how-to-choose-your-solar-generator\/#breadcrumb","itemListElement":[{"@type":"ListItem","position":1,"name":"Accueil","item":"https:\/\/www.powertec.fr\/en\/"},{"@type":"ListItem","position":2,"name":"How to choose your solar generator?"}]},{"@type":"WebSite","@id":"https:\/\/www.powertec.fr\/en\/#website","url":"https:\/\/www.powertec.fr\/en\/","name":"Powertec : chargeurs solaires professionnels","description":"Professional Solar chargers, Powerbanks, outdoor Gear","publisher":{"@id":"https:\/\/www.powertec.fr\/en\/#organization"},"potentialAction":[{"@type":"SearchAction","target":{"@type":"EntryPoint","urlTemplate":"https:\/\/www.powertec.fr\/en\/?s={search_term_string}"},"query-input":{"@type":"PropertyValueSpecification","valueRequired":true,"valueName":"search_term_string"}}],"inLanguage":"en-US"},{"@type":"Organization","@id":"https:\/\/www.powertec.fr\/en\/#organization","name":"Powertec chargeur solaire","url":"https:\/\/www.powertec.fr\/en\/","logo":{"@type":"ImageObject","inLanguage":"en-US","@id":"https:\/\/www.powertec.fr\/en\/#\/schema\/logo\/image\/","url":"https:\/\/www.powertec.fr\/wp-content\/uploads\/2025\/03\/Logo-Powertec.png","contentUrl":"https:\/\/www.powertec.fr\/wp-content\/uploads\/2025\/03\/Logo-Powertec.png","width":800,"height":231,"caption":"Powertec chargeur solaire"},"image":{"@id":"https:\/\/www.powertec.fr\/en\/#\/schema\/logo\/image\/"},"sameAs":["https:\/\/www.facebook.com\/pages\/Powertec-Design\/136636319834629","https:\/\/x.com\/PowertecDesign","https:\/\/www.instagram.com\/powertecdesign\/","http:\/\/pinterest.com\/PowertecDesign\/boards\/","https:\/\/www.youtube.com\/channel\/UCKPPbn8yFCbV4QukJxSXU8g\/feed?filter=2"]}]}},"_links":{"self":[{"href":"https:\/\/www.powertec.fr\/en\/wp-json\/wp\/v2\/pages\/20908","targetHints":{"allow":["GET"]}}],"collection":[{"href":"https:\/\/www.powertec.fr\/en\/wp-json\/wp\/v2\/pages"}],"about":[{"href":"https:\/\/www.powertec.fr\/en\/wp-json\/wp\/v2\/types\/page"}],"author":[{"embeddable":true,"href":"https:\/\/www.powertec.fr\/en\/wp-json\/wp\/v2\/users\/1"}],"replies":[{"embeddable":true,"href":"https:\/\/www.powertec.fr\/en\/wp-json\/wp\/v2\/comments?post=20908"}],"version-history":[{"count":0,"href":"https:\/\/www.powertec.fr\/en\/wp-json\/wp\/v2\/pages\/20908\/revisions"}],"wp:attachment":[{"href":"https:\/\/www.powertec.fr\/en\/wp-json\/wp\/v2\/media?parent=20908"}],"curies":[{"name":"wp","href":"https:\/\/api.w.org\/{rel}","templated":true}]}}